{"id":773755,"date":"2021-04-17T12:39:33","date_gmt":"2021-04-17T16:39:33","guid":{"rendered":"https:\/\/forests.org\/conference-2\/"},"modified":"2026-08-14T13:13:53","modified_gmt":"2026-08-14T17:13:53","slug":"congres","status":"publish","type":"page","link":"https:\/\/forests.org\/fr\/congres\/","title":{"rendered":"Congr\u00e8s"},"content":{"rendered":"<p><div class=\"fusion-fullwidth fullwidth-box fusion-builder-row-1 fusion-flex-container has-pattern-background has-mask-background nonhundred-percent-fullwidth non-hundred-percent-height-scrolling\" style=\"--awb-border-radius-top-left:0px;--awb-border-radius-top-right:0px;--awb-border-radius-bottom-right:0px;--awb-border-radius-bottom-left:0px;--awb-margin-top:0px;--awb-margin-bottom:20px;--awb-flex-wrap:wrap;\" ><div class=\"fusion-builder-row fusion-row fusion-flex-align-items-flex-start fusion-flex-content-wrap\" style=\"max-width:104%;margin-left: calc(-4% \/ 2 );margin-right: calc(-4% \/ 2 );\"><div class=\"fusion-layout-column fusion_builder_column fusion-builder-column-0 fusion_builder_column_3_4 3_4 fusion-flex-column\" style=\"--awb-bg-size:cover;--awb-width-large:75%;--awb-margin-top-large:0px;--awb-spacing-right-large:2.56%;--awb-margin-bottom-large:0px;--awb-spacing-left-large:2.56%;--awb-width-medium:75%;--awb-order-medium:0;--awb-spacing-right-medium:2.56%;--awb-spacing-left-medium:2.56%;--awb-width-small:100%;--awb-order-small:0;--awb-spacing-right-small:1.92%;--awb-spacing-left-small:1.92%;\" data-scroll-devices=\"small-visibility,medium-visibility,large-visibility\"><div class=\"fusion-column-wrapper fusion-column-has-shadow fusion-flex-justify-content-flex-start fusion-content-layout-column\"><div class=\"fusion-image-element\" style=\"--awb-caption-title-font-family:var(--h2_typography-font-family);--awb-caption-title-font-weight:var(--h2_typography-font-weight);--awb-caption-title-font-style:var(--h2_typography-font-style);--awb-caption-title-size:var(--h2_typography-font-size);--awb-caption-title-transform:var(--h2_typography-text-transform);--awb-caption-title-line-height:var(--h2_typography-line-height);--awb-caption-title-letter-spacing:var(--h2_typography-letter-spacing);\"><span class=\" fusion-imageframe imageframe-none imageframe-1 hover-type-none\"><img decoding=\"async\" width=\"2560\" height=\"753\" title=\"SFISavetheDate2026FR-Header\" src=\"data:image\/svg+xml,%3Csvg%20xmlns%3D%27http%3A%2F%2Fwww.w3.org%2F2000%2Fsvg%27%20width%3D%272560%27%20height%3D%27753%27%20viewBox%3D%270%200%202560%20753%27%3E%3Crect%20width%3D%272560%27%20height%3D%27753%27%20fill-opacity%3D%220%22%2F%3E%3C%2Fsvg%3E\" data-orig-src=\"https:\/\/forests.org\/wp-content\/uploads\/SFISavetheDate2026FR-Header-scaled.jpg\" alt class=\"lazyload img-responsive wp-image-798694\"\/><\/span><\/div><\/div><\/div><div class=\"fusion-layout-column fusion_builder_column fusion-builder-column-1 fusion_builder_column_1_4 1_4 fusion-flex-column fusion-flex-align-self-center fusion-column-inner-bg-wrapper\" style=\"--awb-padding-top:15px;--awb-inner-bg-size:cover;--awb-width-large:25%;--awb-margin-top-large:0px;--awb-spacing-right-large:7.68%;--awb-margin-bottom-large:20px;--awb-spacing-left-large:7.68%;--awb-width-medium:25%;--awb-order-medium:0;--awb-spacing-right-medium:7.68%;--awb-spacing-left-medium:7.68%;--awb-width-small:100%;--awb-order-small:0;--awb-spacing-right-small:1.92%;--awb-spacing-left-small:1.92%;\" data-scroll-devices=\"small-visibility,medium-visibility,large-visibility\"><span class=\"fusion-column-inner-bg hover-type-none\"><a class=\"fusion-column-anchor\" href=\"https:\/\/forests.org\/wp-content\/uploads\/2027-SFI-Annual-Conference.ics\" rel=\"noopener noreferrer\" target=\"_blank\"><span class=\"fusion-column-inner-bg-image lazyload\" data-bg=\"https:\/\/forests.org\/wp-content\/uploads\/Calendar_Hold_button_2027_square_FR.jpg\"><\/span><\/a><\/span><div class=\"fusion-column-wrapper fusion-column-has-shadow fusion-flex-justify-content-center fusion-content-layout-column fusion-empty-column-bg-image fusion-column-has-bg-image\" data-bg-url=\"https:\/\/forests.org\/wp-content\/uploads\/Calendar_Hold_button_2027_square_FR.jpg\"><img decoding=\"async\" class=\"fusion-empty-dims-img-placeholder\" aria-label=\"Calendar_Hold_button_2027_square_FR\" src=\"data:image\/svg+xml,%3Csvg%20xmlns%3D%27http%3A%2F%2Fwww.w3.org%2F2000%2Fsvg%27%20width%3D%27600%27%20height%3D%27600%27%20viewBox%3D%270%200%20600%20600%27%3E%3Crect%20width%3D%27600%27%20height%3D%27600%27%20fill-opacity%3D%220%22%2F%3E%3C%2Fsvg%3E\"><\/div><\/div><\/div><\/div>\n<div class=\"fusion-fullwidth fullwidth-box fusion-builder-row-2 fusion-flex-container nonhundred-percent-fullwidth non-hundred-percent-height-scrolling\" style=\"--awb-background-position:center bottom;--awb-border-radius-top-left:0px;--awb-border-radius-top-right:0px;--awb-border-radius-bottom-right:0px;--awb-border-radius-bottom-left:0px;--awb-margin-bottom:60px;--awb-flex-wrap:wrap;\" ><div class=\"fusion-builder-row fusion-row fusion-flex-align-items-flex-start fusion-flex-content-wrap\" style=\"max-width:104%;margin-left: calc(-4% \/ 2 );margin-right: calc(-4% \/ 2 );\"><div class=\"fusion-layout-column fusion_builder_column fusion-builder-column-2 fusion_builder_column_3_4 3_4 fusion-flex-column fusion-flex-align-self-flex-start\" style=\"--awb-bg-size:cover;--awb-width-large:75%;--awb-margin-top-large:0px;--awb-spacing-right-large:2.56%;--awb-margin-bottom-large:20px;--awb-spacing-left-large:2.56%;--awb-width-medium:100%;--awb-order-medium:0;--awb-spacing-right-medium:1.92%;--awb-spacing-left-medium:1.92%;--awb-width-small:100%;--awb-order-small:0;--awb-spacing-right-small:1.92%;--awb-spacing-left-small:1.92%;\"><div class=\"fusion-column-wrapper fusion-column-has-shadow fusion-flex-justify-content-flex-start fusion-content-layout-column\"><div data-post-id=\"773756\" class=\"insert-page insert-page-773756 \"><p><div class=\"fusion-fullwidth fullwidth-box fusion-builder-row-2-1 fusion-flex-container nonhundred-percent-fullwidth non-hundred-percent-height-scrolling\" style=\"--awb-border-radius-top-left:0px;--awb-border-radius-top-right:0px;--awb-border-radius-bottom-right:0px;--awb-border-radius-bottom-left:0px;--awb-padding-right:0px;--awb-padding-left:0px;--awb-flex-wrap:wrap;\" ><div class=\"fusion-builder-row fusion-row fusion-flex-align-items-flex-start fusion-flex-content-wrap\" style=\"width:104% !important;max-width:104% !important;margin-left: calc(-4% \/ 2 );margin-right: calc(-4% \/ 2 );\"><div class=\"fusion-layout-column fusion_builder_column fusion-builder-column-3 fusion_builder_column_1_1 1_1 fusion-flex-column\" style=\"--awb-bg-size:cover;--awb-width-large:100%;--awb-flex-grow:0;--awb-flex-shrink:0;--awb-margin-top-large:0px;--awb-spacing-right-large:1.92%;--awb-margin-bottom-large:20px;--awb-spacing-left-large:1.92%;--awb-width-medium:100%;--awb-order-medium:0;--awb-flex-grow-medium:;--awb-flex-shrink-medium:;--awb-spacing-right-medium:1.92%;--awb-spacing-left-medium:1.92%;--awb-width-small:100%;--awb-order-small:0;--awb-flex-grow-small:;--awb-flex-shrink-small:;--awb-spacing-right-small:1.92%;--awb-spacing-left-small:1.92%;\"><div class=\"fusion-column-wrapper fusion-column-has-shadow fusion-flex-justify-content-flex-start fusion-content-layout-column\"><div class=\"fusion-text fusion-text-1 fusion-text-no-margin\" style=\"--awb-margin-bottom:20px;\"><h4>Dates \u00e0 r\u00e9server dans votre agenda : Congr\u00e8s annuel de SFI, du 13 au 15 avril 2027, au Centre des congr\u00e8s de Victoria, \u00e0 Victoria, Colombie-Britannique<\/h4>\n<\/div><div class=\"fusion-text fusion-text-2\" style=\"--awb-text-transform:none;\"><p><span lang=\"FR-CA\">Nous sommes ravis d\u2019annoncer que l\u2019\u00e9dition 2027 du congr\u00e8s annuel de la SFI aura lieu du 13 au 15 avril prochains dans la magnifique ville de Victoria, en Colombie-Britannique. Comme chaque ann\u00e9e, notre congr\u00e8s annuel offrira un forum de discussion sur les solutions novatrices aux d\u00e9fis environnementaux locaux, nationaux et mondiaux, cette fois avec un accent particulier sur la transparence de la cha\u00eene d\u2019approvisionnement, la conservation de la biodiversit\u00e9 et la r\u00e9silience climatique. Des intervenants de premier plan issus des secteurs forestier et du d\u00e9veloppement durable \u2013 repr\u00e9sentant des fabricants, des gestionnaires et propri\u00e9taires forestiers, des communaut\u00e9s autochtones, des organismes gouvernementaux, des universit\u00e9s et des organisations de conservation \u2013 se r\u00e9uniront dans le cadre du congr\u00e8s annuel de la SFI dans le but de faire progresser le d\u00e9veloppement durable gr\u00e2ce aux collaborations ax\u00e9es sur la for\u00eat.<\/span><\/p>\n<p><span lang=\"FR-CA\">Dans l\u2019\u00e9dition 2027 du congr\u00e8s annuel, nous porterons notamment notre attention sur le d\u00e9veloppement et la mise en \u0153uvre de solutions concr\u00e8tes sur le terrain et au sein des communaut\u00e9s foresti\u00e8res, que nous examinerons dans le cadre de s\u00e9ances techniques parall\u00e8les et d\u2019ateliers de formation pratiques qui offriront aux participants un programme \u00e9largi et la possibilit\u00e9 d\u2019approfondir les sujets qui les int\u00e9ressent. L\u2019inscription au congr\u00e8s sera ouverte \u00e0 compter de cet automne, alors notez ces dates dans votre agenda d\u00e8s maintenant!<\/span><\/p>\n<p><a href=\"https:\/\/forests.org\/fr\/les-momentsforts-du-congres-annuel-2026-de-la-sfi\/\">D\u00e9couvrez les moments forts de la conf\u00e9rence annuelle SFI 2026.<\/a><\/p>\n<\/div><\/div><\/div><\/div><\/div><\/p>\n<\/div><\/div><\/div><div class=\"fusion-layout-column fusion_builder_column fusion-builder-column-4 fusion_builder_column_1_4 1_4 fusion-flex-column\" style=\"--awb-bg-size:cover;--awb-width-large:25%;--awb-flex-grow:0;--awb-flex-shrink:0;--awb-margin-top-large:0px;--awb-spacing-right-large:7.68%;--awb-margin-bottom-large:20px;--awb-spacing-left-large:7.68%;--awb-width-medium:100%;--awb-order-medium:0;--awb-flex-grow-medium:;--awb-flex-shrink-medium:;--awb-spacing-right-medium:1.92%;--awb-spacing-left-medium:1.92%;--awb-width-small:100%;--awb-order-small:0;--awb-flex-grow-small:;--awb-flex-shrink-small:;--awb-spacing-right-small:1.92%;--awb-spacing-left-small:1.92%;\" data-scroll-devices=\"small-visibility,medium-visibility,large-visibility\"><div class=\"fusion-column-wrapper fusion-column-has-shadow fusion-flex-justify-content-flex-start fusion-content-layout-column\"><div class=\"fusion-text fusion-text-3 fusion-text-no-margin\" style=\"--awb-margin-bottom:60px;\"><h5><a href=\"\/fr\/congres\/\">CONGR\u00c8S ACCUEIL<\/a><\/h5>\n<div class=\"fusion-separator fusion-full-width-sep\" style=\"align-self: center;margin-left: auto;margin-right: auto;margin-top:10px;margin-bottom:10px;width:100%;\"><div class=\"fusion-separator-border sep-single sep-solid\" style=\"--awb-height:20px;--awb-amount:20px;--awb-sep-color:#d6d6d6;border-color:#d6d6d6;border-top-width:1px;\"><\/div><\/div>\n<h5><a href=\"\/fr\/frais-dinscription\/\">DROITS D\u2019INSCRIPTION<\/a><\/h5>\n<div class=\"fusion-separator fusion-full-width-sep\" style=\"align-self: center;margin-left: auto;margin-right: auto;margin-top:10px;margin-bottom:10px;width:100%;\"><div class=\"fusion-separator-border sep-single sep-solid\" style=\"--awb-height:20px;--awb-amount:20px;--awb-sep-color:#d6d6d6;border-color:#d6d6d6;border-top-width:1px;\"><\/div><\/div>\n<h5><a href=\"\/fr\/horaire-en-un-coup-doeil\/\">HORAIRE EN UN COUP DOEIL<\/a><\/h5>\n<div class=\"fusion-separator fusion-full-width-sep\" style=\"align-self: center;margin-left: auto;margin-right: auto;margin-top:10px;margin-bottom:10px;width:100%;\"><div class=\"fusion-separator-border sep-single sep-solid\" style=\"--awb-height:20px;--awb-amount:20px;--awb-sep-color:#d6d6d6;border-color:#d6d6d6;border-top-width:1px;\"><\/div><\/div>\n<h5><a href=\"\/fr\/programme-de-conferences\/\">PROGRAMME DU CONGR\u00c8S<\/a><\/h5>\n<div class=\"fusion-separator fusion-full-width-sep\" style=\"align-self: center;margin-left: auto;margin-right: auto;margin-top:10px;margin-bottom:10px;width:100%;\"><div class=\"fusion-separator-border sep-single sep-solid\" style=\"--awb-height:20px;--awb-amount:20px;--awb-sep-color:#d6d6d6;border-color:#d6d6d6;border-top-width:1px;\"><\/div><\/div>\n<h5><a href=\"\/fr\/journee-de-la-foresterie-urbaine\/ \">JOURN\u00c9E DE LA FORESTERIE URBAINE<\/a><\/h5>\n<div class=\"fusion-separator fusion-full-width-sep\" style=\"align-self: center;margin-left: auto;margin-right: auto;margin-top:10px;margin-bottom:10px;width:100%;\"><div class=\"fusion-separator-border sep-single sep-solid\" style=\"--awb-height:20px;--awb-amount:20px;--awb-sep-color:#d6d6d6;border-color:#d6d6d6;border-top-width:1px;\"><\/div><\/div>\n<h5><a href=\"\/fr\/conferenciers-2026\/\">CONF\u00c9RENCIERS<\/a><\/h5>\n<div class=\"fusion-separator fusion-full-width-sep\" style=\"align-self: center;margin-left: auto;margin-right: auto;margin-top:10px;margin-bottom:10px;width:100%;\"><div class=\"fusion-separator-border sep-single sep-solid\" style=\"--awb-height:20px;--awb-amount:20px;--awb-sep-color:#d6d6d6;border-color:#d6d6d6;border-top-width:1px;\"><\/div><\/div>\n<h5><a href=\"\/fr\/commanditaires\/\">COMMANDITAIRES<\/a><\/h5>\n<div class=\"fusion-separator fusion-full-width-sep\" style=\"align-self: center;margin-left: auto;margin-right: auto;margin-top:10px;margin-bottom:10px;width:100%;\"><div class=\"fusion-separator-border sep-single sep-solid\" style=\"--awb-height:20px;--awb-amount:20px;--awb-sep-color:#d6d6d6;border-color:#d6d6d6;border-top-width:1px;\"><\/div><\/div>\n<h5><a href=\"\/fr\/credits-de-formation-continue\/\">CR\u00c9DITS DE FORMATION CONTINUE<\/a><\/h5>\n<div class=\"fusion-separator fusion-full-width-sep\" style=\"align-self: center;margin-left: auto;margin-right: auto;margin-top:10px;margin-bottom:10px;width:100%;\"><div class=\"fusion-separator-border sep-single sep-solid\" style=\"--awb-height:20px;--awb-amount:20px;--awb-sep-color:#d6d6d6;border-color:#d6d6d6;border-top-width:1px;\"><\/div><\/div>\n<h5><a href=\"\/fr\/information_deplacement\/\">D\u00c9PLACEMENTS<\/a><\/h5>\n<div class=\"fusion-separator fusion-full-width-sep\" style=\"align-self: center;margin-left: auto;margin-right: auto;margin-top:10px;margin-bottom:10px;width:100%;\"><div class=\"fusion-separator-border sep-single sep-solid\" style=\"--awb-height:20px;--awb-amount:20px;--awb-sep-color:#d6d6d6;border-color:#d6d6d6;border-top-width:1px;\"><\/div><\/div>\n<\/div><div style=\"text-align:center;\"><a class=\"fusion-button button-flat button-xlarge button-default fusion-button-default button-1 fusion-button-span-yes fusion-button-default-type\" target=\"_self\" href=\"https:\/\/sfi.swoogo.com\/SFI2026AC\"><span class=\"fusion-button-text awb-button__text awb-button__text--default\">INSCRIVEZ-VOUS D\u00c8S AUJOURD\u2019HUI!<\/span><\/a><\/div><div class=\"fusion-separator fusion-full-width-sep\" style=\"align-self: center;margin-left: auto;margin-right: auto;margin-bottom:40px;width:100%;\"><\/div><div class=\"fusion-tabs fusion-tabs-1 clean nav-is-justified horizontal-tabs icon-position-left mobile-mode-accordion\" style=\"--awb-margin-bottom:60px;--awb-title-border-radius-top-left:0px;--awb-title-border-radius-top-right:0px;--awb-title-border-radius-bottom-right:0px;--awb-title-border-radius-bottom-left:0px;--awb-alignment:start;--awb-inactive-color:#0365a3;--awb-title-text-color:#ffffff;--awb-title-active-text-color:#ffffff;--awb-background-color:var(--awb-custom10);--awb-border-color:rgba(255,255,255,0.24);--awb-active-border-color:#0365a3;\"><div class=\"nav\"><ul class=\"nav-tabs nav-justified\" role=\"tablist\" aria-orientation=\"horizontal\"><li class=\"active\" role=\"presentation\"><a class=\"tab-link\" data-toggle=\"tab\" role=\"tab\" aria-controls=\"tab-27d8eaea4d0ffab36b3\" aria-selected=\"true\" tabindex=\"0\" id=\"fusion-tab-27d8eaea4d0ffab36b3\" href=\"#tab-27d8eaea4d0ffab36b3\"><h4 class=\"fusion-tab-heading\">CONTACTS<\/h4><\/a><\/li><\/ul><\/div><div class=\"tab-content\"><div class=\"nav fusion-mobile-tab-nav\"><ul class=\"nav-tabs nav-justified\" role=\"tablist\" aria-orientation=\"horizontal\"><li class=\"active\" role=\"presentation\"><a class=\"tab-link\" data-toggle=\"tab\" role=\"tab\" aria-controls=\"tab-27d8eaea4d0ffab36b3\" aria-selected=\"true\" tabindex=\"0\" id=\"mobile-fusion-tab-27d8eaea4d0ffab36b3\" href=\"#tab-27d8eaea4d0ffab36b3\"><h4 class=\"fusion-tab-heading\">CONTACTS<\/h4><\/a><\/li><\/ul><\/div><div class=\"tab-pane fade fusion-clearfix in active\" role=\"tabpanel\" tabindex=\"0\" aria-labelledby=\"fusion-tab-27d8eaea4d0ffab36b3\" id=\"tab-27d8eaea4d0ffab36b3\">\n<p class=\"subtext sublist\">Questions d\u2019inscription \u00e0 la conf\u00e9rence\u00a0:<br \/>\n<a href=\"&#x6d;&#x61;&#105;&#108;to&#x3a;&#x65;&#x76;&#101;nt&#x73;&#x40;&#x66;&#111;&#114;e&#x73;&#x74;&#x73;&#46;&#111;r&#x67;\">&#101;&#x76;&#101;&#x6e;t&#x73;&#64;&#102;&#x6f;&#114;&#x65;&#115;&#x74;s&#x2e;o&#114;&#x67;<\/a><\/p>\n<p class=\"subtext sublist\"><strong>Questions sur le programme de SFI :<\/strong><br \/>\n<a href=\"&#109;&#x61;&#105;&#x6c;&#116;&#x6f;&#58;&#x61;&#109;&#x79;&#46;&#x74;&#97;&#x75;&#122;&#x69;&#110;&#x40;&#102;&#x6f;&#114;&#x65;&#115;&#x74;&#115;&#x2e;o&#x72;g\"> Amy Tauzin<\/a><br \/>\nGestionnaire, \u00c9v\u00e9nements et Logistique<br \/>\nTel : 202-765-3609<\/p>\n<\/div><\/div><\/div><div class=\"fusion-separator fusion-full-width-sep\" style=\"align-self: center;margin-left: auto;margin-right: auto;margin-bottom:20px;width:100%;\"><\/div><div class=\"fusion-image-element\" style=\"--awb-caption-title-font-family:var(--h2_typography-font-family);--awb-caption-title-font-weight:var(--h2_typography-font-weight);--awb-caption-title-font-style:var(--h2_typography-font-style);--awb-caption-title-size:var(--h2_typography-font-size);--awb-caption-title-transform:var(--h2_typography-text-transform);--awb-caption-title-line-height:var(--h2_typography-line-height);--awb-caption-title-letter-spacing:var(--h2_typography-letter-spacing);\"><span class=\" fusion-imageframe imageframe-none imageframe-2 hover-type-none\"><a class=\"fusion-no-lightbox\" href=\"https:\/\/forests.org\/wp-content\/uploads\/2026SponsorshipProspectus-FR_Jan9.pdf\" target=\"_self\" aria-label=\"2025_SponsorshipProspectus_Jan_9_FR_cover\"><img decoding=\"async\" width=\"1874\" height=\"2422\" src=\"https:\/\/forests.org\/wp-content\/uploads\/2025_SponsorshipProspectus_Jan_9_FR_cover.png\" data-orig-src=\"https:\/\/forests.org\/wp-content\/uploads\/2025_SponsorshipProspectus_Jan_9_FR_cover.png\" alt class=\"lazyload img-responsive wp-image-797239\" srcset=\"data:image\/svg+xml,%3Csvg%20xmlns%3D%27http%3A%2F%2Fwww.w3.org%2F2000%2Fsvg%27%20width%3D%271874%27%20height%3D%272422%27%20viewBox%3D%270%200%201874%202422%27%3E%3Crect%20width%3D%271874%27%20height%3D%272422%27%20fill-opacity%3D%220%22%2F%3E%3C%2Fsvg%3E\" data-srcset=\"https:\/\/forests.org\/wp-content\/uploads\/2025_SponsorshipProspectus_Jan_9_FR_cover-200x258.png 200w, https:\/\/forests.org\/wp-content\/uploads\/2025_SponsorshipProspectus_Jan_9_FR_cover-400x517.png 400w, https:\/\/forests.org\/wp-content\/uploads\/2025_SponsorshipProspectus_Jan_9_FR_cover-600x775.png 600w, https:\/\/forests.org\/wp-content\/uploads\/2025_SponsorshipProspectus_Jan_9_FR_cover-800x1034.png 800w, https:\/\/forests.org\/wp-content\/uploads\/2025_SponsorshipProspectus_Jan_9_FR_cover-1200x1551.png 1200w, https:\/\/forests.org\/wp-content\/uploads\/2025_SponsorshipProspectus_Jan_9_FR_cover.png 1874w\" data-sizes=\"auto\" data-orig-sizes=\"(max-width: 1024px) 100vw, (max-width: 480px) 100vw, 600px\" \/><\/a><\/span><\/div><div class=\"fusion-text fusion-text-4\" style=\"--awb-margin-top:10px;\"><p class=\"subtext sublist\" style=\"text-align: center;\"><a href=\"https:\/\/forests.org\/wp-content\/uploads\/2026SponsorshipProspectus-FR_Jan9.pdf\">Programme de commandite de la conf\u00e9rence annuelle 2026<\/a><\/p>\n<\/div><\/div><\/div>\n<\/div><\/div><\/p>\n","protected":false},"excerpt":{"rendered":"","protected":false},"author":50,"featured_media":0,"parent":0,"menu_order":0,"comment_status":"closed","ping_status":"closed","template":"","meta":{"_exactmetrics_skip_tracking":false,"footnotes":""},"wf_page_folders":[558,564],"class_list":["post-773755","page","type-page","status-publish","hentry"],"yoast_head":"<!-- This site is optimized with the Yoast SEO plugin v27.9 - https:\/\/yoast.com\/product\/yoast-seo-wordpress\/ -->\n<title>Congr\u00e8s - forests.org<\/title>\n<meta name=\"description\" content=\"Congr\u00e8s annuel SFI 2027\" \/>\n<meta name=\"robots\" content=\"index, follow, max-snippet:-1, max-image-preview:large, max-video-preview:-1\" \/>\n<link rel=\"canonical\" href=\"https:\/\/forests.org\/fr\/congres\/\" \/>\n<meta property=\"og:locale\" content=\"fr_FR\" \/>\n<meta property=\"og:type\" content=\"article\" \/>\n<meta property=\"og:title\" content=\"Congr\u00e8s - forests.org\" \/>\n<meta property=\"og:description\" content=\"Congr\u00e8s annuel SFI 2027\" \/>\n<meta property=\"og:url\" content=\"https:\/\/forests.org\/fr\/congres\/\" \/>\n<meta property=\"og:site_name\" content=\"forests.org\" \/>\n<meta property=\"article:publisher\" content=\"https:\/\/www.facebook.com\/SustainableForestryInitiative\" \/>\n<meta property=\"article:modified_time\" content=\"2026-08-14T17:13:53+00:00\" \/>\n<meta property=\"og:image\" content=\"https:\/\/forests.org\/wp-content\/uploads\/SFI-social-logo.jpg\" \/>\n\t<meta property=\"og:image:width\" content=\"400\" \/>\n\t<meta property=\"og:image:height\" content=\"218\" \/>\n\t<meta property=\"og:image:type\" content=\"image\/jpeg\" \/>\n<meta name=\"twitter:card\" content=\"summary_large_image\" \/>\n<meta name=\"twitter:site\" content=\"@sfiprogram\" \/>\n<meta name=\"twitter:label1\" content=\"Dur\u00e9e de lecture estim\u00e9e\" \/>\n\t<meta name=\"twitter:data1\" content=\"3 minutes\" \/>\n<script type=\"application\/ld+json\" class=\"yoast-schema-graph\">{\"@context\":\"https:\\\/\\\/schema.org\",\"@graph\":[{\"@type\":\"WebPage\",\"@id\":\"https:\\\/\\\/forests.org\\\/fr\\\/congres\\\/\",\"url\":\"https:\\\/\\\/forests.org\\\/fr\\\/congres\\\/\",\"name\":\"Congr\u00e8s - forests.org\",\"isPartOf\":{\"@id\":\"https:\\\/\\\/forests.org\\\/fr\\\/#website\"},\"datePublished\":\"2021-04-17T16:39:33+00:00\",\"dateModified\":\"2026-08-14T17:13:53+00:00\",\"description\":\"Congr\u00e8s annuel SFI 2027\",\"breadcrumb\":{\"@id\":\"https:\\\/\\\/forests.org\\\/fr\\\/congres\\\/#breadcrumb\"},\"inLanguage\":\"fr-FR\",\"potentialAction\":[{\"@type\":\"ReadAction\",\"target\":[\"https:\\\/\\\/forests.org\\\/fr\\\/congres\\\/\"]}]},{\"@type\":\"BreadcrumbList\",\"@id\":\"https:\\\/\\\/forests.org\\\/fr\\\/congres\\\/#breadcrumb\",\"itemListElement\":[{\"@type\":\"ListItem\",\"position\":1,\"name\":\"Home\",\"item\":\"https:\\\/\\\/forests.org\\\/fr\\\/\"},{\"@type\":\"ListItem\",\"position\":2,\"name\":\"Congr\u00e8s\"}]},{\"@type\":\"WebSite\",\"@id\":\"https:\\\/\\\/forests.org\\\/fr\\\/#website\",\"url\":\"https:\\\/\\\/forests.org\\\/fr\\\/\",\"name\":\"forests.org\",\"description\":\"\",\"publisher\":{\"@id\":\"https:\\\/\\\/forests.org\\\/fr\\\/#organization\"},\"potentialAction\":[{\"@type\":\"SearchAction\",\"target\":{\"@type\":\"EntryPoint\",\"urlTemplate\":\"https:\\\/\\\/forests.org\\\/fr\\\/?s={search_term_string}\"},\"query-input\":{\"@type\":\"PropertyValueSpecification\",\"valueRequired\":true,\"valueName\":\"search_term_string\"}}],\"inLanguage\":\"fr-FR\"},{\"@type\":\"Organization\",\"@id\":\"https:\\\/\\\/forests.org\\\/fr\\\/#organization\",\"name\":\"Sustainable Forestry Initiative\",\"url\":\"https:\\\/\\\/forests.org\\\/fr\\\/\",\"logo\":{\"@type\":\"ImageObject\",\"inLanguage\":\"fr-FR\",\"@id\":\"https:\\\/\\\/forests.org\\\/fr\\\/#\\\/schema\\\/logo\\\/image\\\/\",\"url\":\"https:\\\/\\\/forests.org\\\/wp-content\\\/uploads\\\/Grant-SFI-logo-FI2.jpg\",\"contentUrl\":\"https:\\\/\\\/forests.org\\\/wp-content\\\/uploads\\\/Grant-SFI-logo-FI2.jpg\",\"width\":400,\"height\":400,\"caption\":\"Sustainable Forestry Initiative\"},\"image\":{\"@id\":\"https:\\\/\\\/forests.org\\\/fr\\\/#\\\/schema\\\/logo\\\/image\\\/\"},\"sameAs\":[\"https:\\\/\\\/www.facebook.com\\\/SustainableForestryInitiative\",\"https:\\\/\\\/x.com\\\/sfiprogram\",\"https:\\\/\\\/www.linkedin.com\\\/company\\\/sustainable-forestry-initiative-inc-\",\"https:\\\/\\\/www.youtube.com\\\/user\\\/SFIProgram\"]}]}<\/script>\n<!-- \/ Yoast SEO plugin. -->","yoast_head_json":{"title":"Congr\u00e8s - forests.org","description":"Congr\u00e8s annuel SFI 2027","robots":{"index":"index","follow":"follow","max-snippet":"max-snippet:-1","max-image-preview":"max-image-preview:large","max-video-preview":"max-video-preview:-1"},"canonical":"https:\/\/forests.org\/fr\/congres\/","og_locale":"fr_FR","og_type":"article","og_title":"Congr\u00e8s - forests.org","og_description":"Congr\u00e8s annuel SFI 2027","og_url":"https:\/\/forests.org\/fr\/congres\/","og_site_name":"forests.org","article_publisher":"https:\/\/www.facebook.com\/SustainableForestryInitiative","article_modified_time":"2026-08-14T17:13:53+00:00","og_image":[{"width":400,"height":218,"url":"https:\/\/forests.org\/wp-content\/uploads\/SFI-social-logo.jpg","type":"image\/jpeg"}],"twitter_card":"summary_large_image","twitter_site":"@sfiprogram","twitter_misc":{"Dur\u00e9e de lecture estim\u00e9e":"3 minutes"},"schema":{"@context":"https:\/\/schema.org","@graph":[{"@type":"WebPage","@id":"https:\/\/forests.org\/fr\/congres\/","url":"https:\/\/forests.org\/fr\/congres\/","name":"Congr\u00e8s - forests.org","isPartOf":{"@id":"https:\/\/forests.org\/fr\/#website"},"datePublished":"2021-04-17T16:39:33+00:00","dateModified":"2026-08-14T17:13:53+00:00","description":"Congr\u00e8s annuel SFI 2027","breadcrumb":{"@id":"https:\/\/forests.org\/fr\/congres\/#breadcrumb"},"inLanguage":"fr-FR","potentialAction":[{"@type":"ReadAction","target":["https:\/\/forests.org\/fr\/congres\/"]}]},{"@type":"BreadcrumbList","@id":"https:\/\/forests.org\/fr\/congres\/#breadcrumb","itemListElement":[{"@type":"ListItem","position":1,"name":"Home","item":"https:\/\/forests.org\/fr\/"},{"@type":"ListItem","position":2,"name":"Congr\u00e8s"}]},{"@type":"WebSite","@id":"https:\/\/forests.org\/fr\/#website","url":"https:\/\/forests.org\/fr\/","name":"forests.org","description":"","publisher":{"@id":"https:\/\/forests.org\/fr\/#organization"},"potentialAction":[{"@type":"SearchAction","target":{"@type":"EntryPoint","urlTemplate":"https:\/\/forests.org\/fr\/?s={search_term_string}"},"query-input":{"@type":"PropertyValueSpecification","valueRequired":true,"valueName":"search_term_string"}}],"inLanguage":"fr-FR"},{"@type":"Organization","@id":"https:\/\/forests.org\/fr\/#organization","name":"Sustainable Forestry Initiative","url":"https:\/\/forests.org\/fr\/","logo":{"@type":"ImageObject","inLanguage":"fr-FR","@id":"https:\/\/forests.org\/fr\/#\/schema\/logo\/image\/","url":"https:\/\/forests.org\/wp-content\/uploads\/Grant-SFI-logo-FI2.jpg","contentUrl":"https:\/\/forests.org\/wp-content\/uploads\/Grant-SFI-logo-FI2.jpg","width":400,"height":400,"caption":"Sustainable Forestry Initiative"},"image":{"@id":"https:\/\/forests.org\/fr\/#\/schema\/logo\/image\/"},"sameAs":["https:\/\/www.facebook.com\/SustainableForestryInitiative","https:\/\/x.com\/sfiprogram","https:\/\/www.linkedin.com\/company\/sustainable-forestry-initiative-inc-","https:\/\/www.youtube.com\/user\/SFIProgram"]}]}},"_links":{"self":[{"href":"https:\/\/forests.org\/fr\/wp-json\/wp\/v2\/pages\/773755","targetHints":{"allow":["GET"]}}],"collection":[{"href":"https:\/\/forests.org\/fr\/wp-json\/wp\/v2\/pages"}],"about":[{"href":"https:\/\/forests.org\/fr\/wp-json\/wp\/v2\/types\/page"}],"author":[{"embeddable":true,"href":"https:\/\/forests.org\/fr\/wp-json\/wp\/v2\/users\/50"}],"replies":[{"embeddable":true,"href":"https:\/\/forests.org\/fr\/wp-json\/wp\/v2\/comments?post=773755"}],"version-history":[{"count":0,"href":"https:\/\/forests.org\/fr\/wp-json\/wp\/v2\/pages\/773755\/revisions"}],"wp:attachment":[{"href":"https:\/\/forests.org\/fr\/wp-json\/wp\/v2\/media?parent=773755"}],"wp:term":[{"taxonomy":"wf_page_folders","embeddable":true,"href":"https:\/\/forests.org\/fr\/wp-json\/wp\/v2\/wf_page_folders?post=773755"}],"curies":[{"name":"wp","href":"https:\/\/api.w.org\/{rel}","templated":true}]}}