{"id":785916,"date":"2017-11-21T02:42:35","date_gmt":"2017-11-21T07:42:35","guid":{"rendered":"https:\/\/forests.org\/communiques-2\/"},"modified":"2023-09-08T10:02:30","modified_gmt":"2023-09-08T14:02:30","slug":"communiques","status":"publish","type":"page","link":"https:\/\/forests.org\/fr\/communiques\/","title":{"rendered":"Communiqu\u00e9s"},"content":{"rendered":"<div class=\"fusion-fullwidth fullwidth-box fusion-builder-row-1 fusion-flex-container hundred-percent-fullwidth non-hundred-percent-height-scrolling\" style=\"--awb-border-radius-top-left:0px;--awb-border-radius-top-right:0px;--awb-border-radius-bottom-right:0px;--awb-border-radius-bottom-left:0px;--awb-margin-bottom:40px;--awb-flex-wrap:wrap;\" ><div class=\"fusion-builder-row fusion-row fusion-flex-align-items-flex-start fusion-flex-content-wrap\" style=\"width:104% !important;max-width:104% !important;margin-left: calc(-4% \/ 2 );margin-right: calc(-4% \/ 2 );\"><div class=\"fusion-layout-column fusion_builder_column fusion-builder-column-0 fusion_builder_column_1_1 1_1 fusion-flex-column\" style=\"--awb-bg-size:cover;--awb-width-large:100%;--awb-margin-top-large:0px;--awb-spacing-right-large:1.92%;--awb-margin-bottom-large:20px;--awb-spacing-left-large:1.92%;--awb-width-medium:100%;--awb-order-medium:0;--awb-spacing-right-medium:1.92%;--awb-spacing-left-medium:1.92%;--awb-width-small:100%;--awb-order-small:0;--awb-spacing-right-small:1.92%;--awb-spacing-left-small:1.92%;\"><div class=\"fusion-column-wrapper fusion-column-has-shadow fusion-flex-justify-content-flex-start fusion-content-layout-column\"><div class=\"fusion-text fusion-text-1 fusion-text-no-margin\" style=\"--awb-margin-bottom:20px;\"><h1>COMMUNIQU\u00c9S<\/h1>\n<\/div><\/div><\/div><div class=\"fusion-layout-column fusion_builder_column fusion-builder-column-1 fusion_builder_column_3_4 3_4 fusion-flex-column\" style=\"--awb-bg-size:cover;--awb-width-large:75%;--awb-margin-top-large:0px;--awb-spacing-right-large:2.56%;--awb-margin-bottom-large:20px;--awb-spacing-left-large:2.56%;--awb-width-medium:100%;--awb-spacing-right-medium:1.92%;--awb-spacing-left-medium:1.92%;--awb-width-small:100%;--awb-spacing-right-small:1.92%;--awb-spacing-left-small:1.92%;\"><div class=\"fusion-column-wrapper fusion-flex-justify-content-flex-start fusion-content-layout-column\"><div class=\"fusion-blog-shortcode fusion-blog-shortcode-1 fusion-blog-archive fusion-blog-layout-medium fusion-blog-no\"><div class=\"fusion-posts-container fusion-posts-container-no\" data-pages=\"92\"><article id=\"blog-1-post-797823\" class=\"fusion-post-medium post-797823 post type-post status-publish format-standard hentry category-communique\">\n\t<style type=\"text\/css\">\n\t\t\n\t\t\n\t\t\n\t\t\n\t\t\t<\/style>\n\n\n<div class=\"fusion-post-content post-content\"><h2 class=\"blog-shortcode-post-title\"><a href=\"https:\/\/forests.org\/fr\/la-sfi-publie-une-nouvelle-video-mettant-en-vedette-la-nation-tsuutina\/\">La SFI publie une nouvelle vid\u00e9o mettant en vedette la nation Tsuut\u2019ina<\/a><\/h2><div class=\"fusion-post-content-container\"><p>La Sustainable Forestry InitiativeMD (SFI) est fi\u00e8re d\u2019annoncer le lancement d\u2019une nouvelle vid\u00e9o (en anglais) de la s\u00e9rie Pleins feux (\u00ab Spotlight \u00bb) consacr\u00e9e aux droits des peuples autochtones et au renforcement des relations avec ceux-ci, qui met en vedette la nation Tsuut\u2019ina. La capsule souligne le r\u00f4le de premier plan jou\u00e9 par la nation en mati\u00e8re d\u2019intendance des terres \u2013 notamment en ce qui concerne la r\u00e9silience aux feux de for\u00eat et la gestion foresti\u00e8re communautaire \u2013, ainsi que dans le renforcement des capacit\u00e9s, l\u2019implication des jeunes et la promotion d\u2019une durabilit\u00e9 \u00e0 long terme ancr\u00e9e dans les valeurs culturelles et les priorit\u00e9s propres \u00e0 la communaut\u00e9. La vid\u00e9o explique \u00e9galement comment la norme d\u2019am\u00e9nagement forestier SFI contribue \u00e0 mettre en \u0153uvre un grand nombre de ces priorit\u00e9s et valeurs, comme l\u2019att\u00e9nuation des effets ind\u00e9sirables des feux de for\u00eat.<\/p><\/div><\/div><div class=\"fusion-clearfix\"><\/div><div class=\"fusion-meta-info\"><div class=\"fusion-alignleft\"><span>mars 26th, 2026<\/span><span class=\"fusion-inline-sep\">|<\/span><\/div><\/div><\/article>\n<\/div><\/div><div class=\"fusion-blog-shortcode fusion-blog-shortcode-2 fusion-blog-archive fusion-blog-layout-medium fusion-blog-pagination\"><div class=\"fusion-posts-container fusion-posts-container-pagination\" data-pages=\"10\"><article id=\"blog-2-post-797640\" class=\"fusion-post-medium post-797640 post type-post status-publish format-standard hentry category-communique\">\n\t<style type=\"text\/css\">\n\t\t\n\t\t\n\t\t\n\t\t\n\t\t\t<\/style>\n\n\n<div class=\"fusion-post-content post-content\"><h2 class=\"blog-shortcode-post-title\"><a href=\"https:\/\/forests.org\/fr\/sfi-publie-des-resumes-regionaux-sur-les-risques-climatiques-afin-de-soutenir-la-foresterie-adaptee-a-levolution-du-climat\/\">SFI PUBLIE DES R\u00c9SUM\u00c9S R\u00c9GIONAUX SUR LES RISQUES CLIMATIQUES AFIN DE SOUTENIR LA FORESTERIE ADAPT\u00c9E \u00c0 L\u2019\u00c9VOLUTION DU CLIMAT<\/a><\/h2><div class=\"fusion-post-content-container\"><p>La Sustainable Forestry Initiative\u00ae (SFI) annonce la publication des r\u00e9sum\u00e9s r\u00e9gionaux des risques climatiques de la SFI. Les r\u00e9sum\u00e9s disponibles pour les \u00c9tats-Unis couvrent les r\u00e9gions du nord-est et des \u00c9tats des Grands Lacs, du nord-ouest et du sud-est. Ces nouvelles ressources scientifiques ont pour objectif d'aider \u00e0 identifier et \u00e0 hi\u00e9rarchiser les risques climatiques pour les for\u00eats aux \u00c9tats-Unis. Ces r\u00e9sum\u00e9s ont \u00e9t\u00e9 \u00e9labor\u00e9s dans le cadre de l\u2019Initiative Foresterie adapt\u00e9e \u00e0 l\u2019\u00e9volution du climat SFI, en collaboration avec le programme Forest Carbon and Climate de l'Universit\u00e9 d'\u00c9tat du Michigan et avec le soutien de la fondation Doris Duke.<\/p><\/div><\/div><div class=\"fusion-clearfix\"><\/div><div class=\"fusion-meta-info\"><div class=\"fusion-alignleft\"><span>mars 4th, 2026<\/span><span class=\"fusion-inline-sep\">|<\/span><\/div><\/div><\/article>\n<article id=\"blog-2-post-797458\" class=\"fusion-post-medium post-797458 post type-post status-publish format-standard hentry category-communique\">\n\t<style type=\"text\/css\">\n\t\t\n\t\t\n\t\t\n\t\t\n\t\t\t<\/style>\n\n\n<div class=\"fusion-post-content post-content\"><h2 class=\"blog-shortcode-post-title\"><a href=\"https:\/\/forests.org\/fr\/la-sfi-lance-un-outil-interactif-en-ligne-pour-soutenir-lharmonisation-des-normes-sfi-et-des-cadres-mondiaux-de-reddition-de-comptes-en-matiere-de-durabilite\/\">La SFI lance un outil interactif en ligne pour soutenir l&rsquo;harmonisation des normes SFI et des cadres mondiaux de reddition de comptes en mati\u00e8re de durabilit\u00e9<\/a><\/h2><div class=\"fusion-post-content-container\"><p>La Sustainable Forestry Initiative\u00ae (SFI) a annonc\u00e9 le lancement de son nouvel outil interactif en ligne de concordance des cadres de durabilit\u00e9 qui permet l\u2019\u00e9valuation et l\u2019interpr\u00e9tation de la fa\u00e7on dont les normes SFI s\u2019alignent sur les principaux cadres de reddition de comptes en mati\u00e8re de durabilit\u00e9, notamment ceux du TNFD (Taskforce on Nature-related Financial Disclosures), du SASB (Sustainability Accounting Standards Board) et de la Taxonomie de l'Union europ\u00e9enne (Taxonomie de l'UE). Bien que ces cadres aient des objectifs et des publics cibles uniques, ils s'efforcent d'offrir des garanties climatiques, naturelles et de biodiversit\u00e9. Les normes SFI ont \u00e9t\u00e9 con\u00e7ues pour r\u00e9pondre pr\u00e9cis\u00e9ment aux m\u00eames buts, soit en fournissant des exigences d\u00e9taill\u00e9es, compl\u00e8tes et rigoureuses qui reposent sur les donn\u00e9es et qui sont v\u00e9rifi\u00e9es par des tiers. <\/p><\/div><\/div><div class=\"fusion-clearfix\"><\/div><div class=\"fusion-meta-info\"><div class=\"fusion-alignleft\"><span>f\u00e9vrier 10th, 2026<\/span><span class=\"fusion-inline-sep\">|<\/span><\/div><\/div><\/article>\n<article id=\"blog-2-post-797353\" class=\"fusion-post-medium post-797353 post type-post status-publish format-standard hentry category-communique\">\n\t<style type=\"text\/css\">\n\t\t\n\t\t\n\t\t\n\t\t\n\t\t\t<\/style>\n\n\n<div class=\"fusion-post-content post-content\"><h2 class=\"blog-shortcode-post-title\"><a href=\"https:\/\/forests.org\/fr\/sfi-annonce-le-depart-a-a-la-retraite-kathy-abusow\/\">SFI annonce le d\u00e9part \u00e0 la retraite de sa pr\u00e9sidente-directrice g\u00e9n\u00e9rale Kathy Abusow<\/a><\/h2><div class=\"fusion-post-content-container\"><p>SFI a annonc\u00e9 que sa pr\u00e9sidente-directrice g\u00e9n\u00e9rale Kathy Abusow prendra sa retraite en 2026, mettant ainsi fin \u00e0 une carri\u00e8re exemplaire cract\u00e9ris\u00e9e par un leadership visionnaire. Kathy Abusow a dirig\u00e9 la SFI pendant une p\u00e9riode d'expansion significative \u00e0 travers l'Am\u00e9rique du Nord, augmentant la port\u00e9e, l'impact, la pertinence et la reconnaissance mondiale de l'organisation. <\/p><\/div><\/div><div class=\"fusion-clearfix\"><\/div><div class=\"fusion-meta-info\"><div class=\"fusion-alignleft\"><span>janvier 27th, 2026<\/span><span class=\"fusion-inline-sep\">|<\/span><\/div><\/div><\/article>\n<article id=\"blog-2-post-797045\" class=\"fusion-post-medium post-797045 post type-post status-publish format-standard hentry category-communique\">\n\t<style type=\"text\/css\">\n\t\t\n\t\t\n\t\t\n\t\t\n\t\t\t<\/style>\n\n\n<div class=\"fusion-post-content post-content\"><h2 class=\"blog-shortcode-post-title\"><a href=\"https:\/\/forests.org\/fr\/linitiative-de-foresterie-adaptee-a-levolution-du-climat\/\">L\u2019INITIATIVE DE FORESTERIE ADAPT\u00c9E \u00c0 L\u2019\u00c9VOLUTION DU CLIMAT DE LA SFI SE DOTE DE COMIT\u00c9S CONSULTATIFS POUR LES \u00c9TATS-UNIS ET LE CANADA<\/a><\/h2><div class=\"fusion-post-content-container\"><p>La Sustainable Forestry Initiative (SFI) annonce la cr\u00e9ation de deux comit\u00e9s consultatifs, l\u2019un aux \u00c9tats-Unis et l\u2019autre au Canada, pour orienter les activit\u00e9s et les r\u00e9sultats de son Initiative de foresterie adapt\u00e9e \u00e0 l\u2019\u00e9volution du climat qui porte sur les pratiques d\u2019am\u00e9nagement forestier tenant compte du climat, les synth\u00e8ses scientifiques et le partage des connaissances \u00e0 travers l\u2019Am\u00e9rique du Nord.<\/p><\/div><\/div><div class=\"fusion-clearfix\"><\/div><div class=\"fusion-meta-info\"><div class=\"fusion-alignleft\"><span>d\u00e9cembre 4th, 2025<\/span><span class=\"fusion-inline-sep\">|<\/span><\/div><\/div><\/article>\n<article id=\"blog-2-post-797013\" class=\"fusion-post-medium post-797013 post type-post status-publish format-standard hentry category-communique\">\n\t<style type=\"text\/css\">\n\t\t\n\t\t\n\t\t\n\t\t\n\t\t\t<\/style>\n\n\n<div class=\"fusion-post-content post-content\"><h2 class=\"blog-shortcode-post-title\"><a href=\"https:\/\/forests.org\/fr\/sia-sfi-et-a-apla-canada-la-foresterie-urbaine\/\">LA SIA S\u2019ASSOCIE \u00c0 LA SFI ET \u00c0 APLA CANADA POUR INSPIRER LA PROCHAINE G\u00c9N\u00c9RATION DE PROFESSIONNELS DE L\u2019ARBORICULTURE ET DE LA FORESTERIE URBAINE<\/a><\/h2><div class=\"fusion-post-content-container\"><p>La Soci\u00e9t\u00e9 internationale d\u2019arboriculture (SIA) s\u2019associe \u00e0 la Sustainable Forestry Initiative (SFI) et \u00e0 Apprendre par les arbres Canada (APLA Canada) pour produire le guide Arboriculture &amp; Urban Forestry Career Guide (en fran\u00e7ais : Guide de carri\u00e8re en arboriculture et en foresterie urbaine) \u2014 un document d\u2019information sur les carri\u00e8res d\u2019int\u00e9r\u00eat mondial mettant en lumi\u00e8re des professionnels de l\u2019arboriculture et de la foresterie urbaine. <\/p><\/div><\/div><div class=\"fusion-clearfix\"><\/div><div class=\"fusion-meta-info\"><div class=\"fusion-alignleft\"><span>novembre 18th, 2025<\/span><span class=\"fusion-inline-sep\">|<\/span><\/div><\/div><\/article>\n<article id=\"blog-2-post-796676\" class=\"fusion-post-medium post-796676 post type-post status-publish format-standard hentry category-communique\">\n\t<style type=\"text\/css\">\n\t\t\n\t\t\n\t\t\n\t\t\n\t\t\t<\/style>\n\n\n<div class=\"fusion-post-content post-content\"><h2 class=\"blog-shortcode-post-title\"><a href=\"https:\/\/forests.org\/fr\/la-sfi-appuie-les-resolutions-du-9e-congres-americain-sur-les-forets\/\">LA SFI APPUIE LES R\u00c9SOLUTIONS DU 9e CONGR\u00c8S AM\u00c9RICAIN SUR LES FOR\u00caTS<\/a><\/h2><div class=\"fusion-post-content-container\"><p>La Sustainable Forestry Initiative (SFI) est fi\u00e8re de soutenir les conclusions du 9e Congr\u00e8s am\u00e9ricain sur les for\u00eats (American Forest Congress \u2013 AFC), notamment les r\u00e9solutions visant \u00e0 aider les for\u00eats \u00e0 prosp\u00e9rer dans un climat en mutation, \u00e0 soutenir l'expansion des march\u00e9s pour les produits forestiers, \u00e0 faire progresser la recherche foresti\u00e8re et \u00e0 investir dans le d\u00e9veloppement de la main-d'\u0153uvre.<\/p><\/div><\/div><div class=\"fusion-clearfix\"><\/div><div class=\"fusion-meta-info\"><div class=\"fusion-alignleft\"><span>ao\u00fbt 7th, 2025<\/span><span class=\"fusion-inline-sep\">|<\/span><\/div><\/div><\/article>\n<article id=\"blog-2-post-796545\" class=\"fusion-post-medium post-796545 post type-post status-publish format-standard hentry category-communique\">\n\t<style type=\"text\/css\">\n\t\t\n\t\t\n\t\t\n\t\t\n\t\t\t<\/style>\n\n\n<div class=\"fusion-post-content post-content\"><h2 class=\"blog-shortcode-post-title\"><a href=\"https:\/\/forests.org\/fr\/sfi-plt-et-le-service-forestier-texas-am-collaborent\/\">SFI\/PLT et le Service forestier Texas A&#038;M collaborent au d\u00e9veloppement d\u2019outils d\u2019apprentissage en ligne gratuits pour faire avancer l\u2019\u00e9ducation foresti\u00e8re<\/a><\/h2><div class=\"fusion-post-content-container\"><p>Un cours en ligne gratuit permet d\u00e9sormais aux enseignants, aux professionnels de la foresterie et de la conservation, ainsi qu'aux chefs de file du d\u00e9veloppement durable, de renforcer plus facilement les liens entre les communaut\u00e9s et les for\u00eats qui les entourent et d'am\u00e9liorer les connaissances foresti\u00e8res du grand public.  <\/p><\/div><\/div><div class=\"fusion-clearfix\"><\/div><div class=\"fusion-meta-info\"><div class=\"fusion-alignleft\"><span>juillet 9th, 2025<\/span><span class=\"fusion-inline-sep\">|<\/span><\/div><\/div><\/article>\n<article id=\"blog-2-post-796514\" class=\"fusion-post-medium post-796514 post type-post status-publish format-standard hentry category-communique\">\n\t<style type=\"text\/css\">\n\t\t\n\t\t\n\t\t\n\t\t\n\t\t\t<\/style>\n\n\n<div class=\"fusion-post-content post-content\"><h2 class=\"blog-shortcode-post-title\"><a href=\"https:\/\/forests.org\/fr\/g7-la-sfi-salue-la-charte-de-kananaskis-sur-les-feux-de-foret\/\">G7 \u2013 LA SFI SALUE LA CHARTE DE KANANASKIS SUR LES FEUX DE FOR\u00caT<\/a><\/h2><div class=\"fusion-post-content-container\"><p>La Sustainable Forestry Initiative (SFI) accueille \u00e0 bras ouverts la Charte de Kananaskis sur les feux de for\u00eats , et notamment l\u2019accent sur l\u2019adoption d\u2019une \u00ab approche ax\u00e9e sur l\u2019ensemble de la soci\u00e9t\u00e9 \u00bb pour pr\u00e9venir le risque de feux de for\u00eat extr\u00eames, y r\u00e9pondre et s'en remettre. Cette charte, issue de la r\u00e9union des dirigeants du G7 qui s'est tenue en Alberta au d\u00e9but du mois de juin, d\u00e9finit un cadre mondial int\u00e9gral qui comprend des strat\u00e9gies d'att\u00e9nuation et d'adaptation fond\u00e9es sur la science, telles que la gestion durable des ressources foresti\u00e8res, la participation active des Autochtones \u00e0 l\u2019am\u00e9nagement du territoire, l'utilisation du feu comme outil positif en am\u00e9nagement forestier, le partage des donn\u00e9es et l\u2019\u00e9tablissement de syst\u00e8mes de concertation pour faire face aux risques de sant\u00e9 et de s\u00e9curit\u00e9 li\u00e9s aux feux de for\u00eat. <\/p><\/div><\/div><div class=\"fusion-clearfix\"><\/div><div class=\"fusion-meta-info\"><div class=\"fusion-alignleft\"><span>juin 30th, 2025<\/span><span class=\"fusion-inline-sep\">|<\/span><\/div><\/div><\/article>\n<article id=\"blog-2-post-796393\" class=\"fusion-post-medium post-796393 post type-post status-publish format-standard hentry category-communique\">\n\t<style type=\"text\/css\">\n\t\t\n\t\t\n\t\t\n\t\t\n\t\t\t<\/style>\n\n\n<div class=\"fusion-post-content post-content\"><h2 class=\"blog-shortcode-post-title\"><a href=\"https:\/\/forests.org\/fr\/sfi-et-lintertribal-timber-council\/\">La Sustainable Forestry Initiative et l\u2019Intertribal Timber Council s&rsquo;associent pour lancer un nouveau guide des carri\u00e8res en foresterie pour les Autochtones<\/a><\/h2><div class=\"fusion-post-content-container\"><p>L'Intertribal Timber Council (ITC), la Sustainable Forestry Initiative (SFI) et Project Learning Tree (PLT) collaborent pour d\u00e9velopper Tribal Forestry &amp; Wildland Fire Voices : A Career Guide (Perspectives autochtones sur la foresterie et l\u2019intendance des paysages naturels : guide des parcours professionnels \u2013 en anglais), une ressource visant \u00e0 promouvoir la foresterie et \u00e0 soutenir le d\u00e9veloppement de la main-d'\u0153uvre autochtone.<\/p><\/div><\/div><div class=\"fusion-clearfix\"><\/div><div class=\"fusion-meta-info\"><div class=\"fusion-alignleft\"><span>juin 5th, 2025<\/span><span class=\"fusion-inline-sep\">|<\/span><\/div><\/div><\/article>\n<article id=\"blog-2-post-796282\" class=\"fusion-post-medium post-796282 post type-post status-publish format-standard hentry category-communique\">\n\t<style type=\"text\/css\">\n\t\t\n\t\t\n\t\t\n\t\t\n\t\t\t<\/style>\n\n\n<div class=\"fusion-post-content post-content\"><h2 class=\"blog-shortcode-post-title\"><a href=\"https:\/\/forests.org\/fr\/la-municipalite-regionale-de-york-obtient-forets-urbaines-sfi\/\">La municipalit\u00e9 r\u00e9gionale de York devient la premi\u00e8re au Canada \u00e0 obtenir la certification \u00e0 la Norme SFI de durabilit\u00e9 des for\u00eats urbaines et communautaires<\/a><\/h2><div class=\"fusion-post-content-container\"><p>La Sustainable Forestry Initiative\u00ae (SFI\u00ae) se r\u00e9jouit d\u2019annoncer que la Municipalit\u00e9 r\u00e9gionale de York est la premi\u00e8re municipalit\u00e9 Canadienne \u00e0 obtenir la certification int\u00e9grale selon la Norme de durabilit\u00e9 des for\u00eats urbaines et communautaires SFI. Cet accomplissement refl\u00e8te l'engagement continu de la R\u00e9gion de York \u00e0 promouvoir des communaut\u00e9s saines et \u00e0 int\u00e9grer la durabilit\u00e9 dans sa planification.<\/p><\/div><\/div><div class=\"fusion-clearfix\"><\/div><div class=\"fusion-meta-info\"><div class=\"fusion-alignleft\"><span>juin 2nd, 2025<\/span><span class=\"fusion-inline-sep\">|<\/span><\/div><\/div><\/article>\n<\/div><div class=\"pagination clearfix\"><span class=\"current\">1<\/span><a href=\"https:\/\/forests.org\/fr\/wp-json\/wp\/v2\/pages\/785916\/page\/2\/\" class=\"inactive\">2<\/a><a href=\"https:\/\/forests.org\/fr\/wp-json\/wp\/v2\/pages\/785916\/page\/3\/\" class=\"inactive\">3<\/a><a href=\"https:\/\/forests.org\/fr\/wp-json\/wp\/v2\/pages\/785916\/page\/4\/\" class=\"inactive\">4<\/a><a href=\"https:\/\/forests.org\/fr\/wp-json\/wp\/v2\/pages\/785916\/page\/5\/\" class=\"inactive\">5<\/a><a class=\"pagination-next\" rel=\"next\" href=\"https:\/\/forests.org\/fr\/wp-json\/wp\/v2\/pages\/785916\/page\/2\/\"><span class=\"page-text\">Next<\/span><span class=\"page-next\"><\/span><\/a><\/div><div class=\"fusion-clearfix\"><\/div><\/div><\/div><\/div><div class=\"fusion-layout-column fusion_builder_column fusion-builder-column-2 fusion_builder_column_1_4 1_4 fusion-flex-column\" style=\"--awb-bg-size:cover;--awb-width-large:25%;--awb-margin-top-large:0px;--awb-spacing-right-large:7.68%;--awb-margin-bottom-large:20px;--awb-spacing-left-large:7.68%;--awb-width-medium:100%;--awb-spacing-right-medium:1.92%;--awb-spacing-left-medium:1.92%;--awb-width-small:100%;--awb-spacing-right-small:1.92%;--awb-spacing-left-small:1.92%;\"><div class=\"fusion-column-wrapper fusion-flex-justify-content-flex-start fusion-content-layout-column\"><div class=\"fusion-text fusion-text-2 fusion-text-no-margin\" style=\"--awb-margin-top:-20px;--awb-margin-bottom:60px;\"><p><div class=\"fusion-widget-area awb-widget-area-element fusion-widget-area-1 fusion-content-widget-area\" style=\"--awb-title-color:#6b6b6b;--awb-padding:0px 0px 0px 0px;\"><div id=\"custom_html-50\" class=\"widget_text widget widget_custom_html\" style=\"border-style: solid;border-color:transparent;border-width:0px;\"><div class=\"textwidget custom-html-widget\"><h4><a href=\"\/fr\/sfiinbrief\">SFI EN BREF<\/a><\/h4>\r\n<a href=\"https:\/\/sustainableforestryinitiativeinc.my.salesforce-sites.com\/formstack\/apex\/VisualAntidote__HostedFastForm?h=CIHEF\" target=\"_blank\"><b>INSCRIVEZ-VOUS<\/b><\/a> \u00e0 notre info-lettre mensuelle.\r\n<div class=\"fusion-separator fusion-full-width-sep\" style=\"align-self: center;margin-left: auto;margin-right: auto;margin-top:20px;margin-bottom:10px;width:100%;\"><div class=\"fusion-separator-border sep-single sep-solid\" style=\"--awb-height:20px;--awb-amount:20px;--awb-sep-color:#d6d6d6;border-color:#d6d6d6;border-top-width:1px;\"><\/div><\/div>\r\n<h4><a href=\"\/fr\/blogue-sfi\/\">SFI BLOGUE<\/a><\/h4>\r\n<a href=\"https:\/\/sustainableforestryinitiativeinc.my.salesforce-sites.com\/formstack\/apex\/VisualAntidote__HostedFastForm?h=BB2NL\" target=\"_blank\"><b>INSCRIVEZ-VOUS<\/b><\/a> pour recevoir nos messages.\r\n<div class=\"fusion-separator fusion-full-width-sep\" style=\"align-self: center;margin-left: auto;margin-right: auto;margin-top:20px;margin-bottom:10px;width:100%;\"><div class=\"fusion-separator-border sep-single sep-solid\" style=\"--awb-height:20px;--awb-amount:20px;--awb-sep-color:#d6d6d6;border-color:#d6d6d6;border-top-width:1px;\"><\/div><\/div>\r\n<h4 style=\"margin-top:0px;\" ><a href=\"\/fr\/communiques\/\">COMMUNIQU\u00c9S<\/a><\/h4>\r\n<a href=\"https:\/\/sustainableforestryinitiativeinc.my.salesforce-sites.com\/formstack\/apex\/VisualAntidote__HostedFastForm?h=NXR7Y\" target=\"_blank\"><b>INSCRIVEZ-VOUS<\/b><\/a> pour recevoir les derni\u00e8res nouvelles de SFI.\r\n<div class=\"fusion-separator fusion-full-width-sep\" style=\"align-self: center;margin-left: auto;margin-right: auto;margin-top:20px;margin-bottom:10px;width:100%;\"><div class=\"fusion-separator-border sep-single sep-solid\" style=\"--awb-height:20px;--awb-amount:20px;--awb-sep-color:#d6d6d6;border-color:#d6d6d6;border-top-width:1px;\"><\/div><\/div><\/div><\/div><div id=\"custom_html-37\" class=\"widget_text widget widget_custom_html\" style=\"border-style: solid;border-color:transparent;border-width:0px;\"><div class=\"textwidget custom-html-widget\"><div class=\"fusion-modal modal fade modal-1 Bref-signup\" tabindex=\"-1\" role=\"dialog\" aria-labelledby=\"modal-heading-1\" aria-hidden=\"true\" style=\"--awb-border-color:#ebebeb;--awb-background:#f6f6f6;\"><div class=\"modal-dialog modal-lg\" role=\"document\"><div class=\"modal-content fusion-modal-content\"><div class=\"modal-header\"><button class=\"close\" type=\"button\" data-dismiss=\"modal\" aria-hidden=\"true\" aria-label=\"Close\">&times;<\/button><h3 class=\"modal-title\" id=\"modal-heading-1\" data-dismiss=\"modal\" aria-hidden=\"true\"><\/h3><\/div><div class=\"modal-body fusion-clearfix\">\r\n<iframe src=\"https:\/\/sustainableforestryinitiativeinc.my.salesforce-sites.com\/formstack\/apex\/VisualAntidote__HostedFastForm?h=CIHEF\" height=\"900\" width=\"100%\"><\/iframe>\r\n<\/div><div class=\"modal-footer\"><button class=\"fusion-button button-default button-medium button default medium\" type=\"button\" data-dismiss=\"modal\">Close<\/button><\/div><\/div><\/div><\/div><\/div><\/div><div id=\"custom_html-48\" class=\"widget_text widget widget_custom_html\" style=\"border-style: solid;border-color:transparent;border-width:0px;\"><div class=\"textwidget custom-html-widget\"><div class=\"fusion-modal modal fade modal-2 Blog-signup\" tabindex=\"-1\" role=\"dialog\" aria-labelledby=\"modal-heading-2\" aria-hidden=\"true\" style=\"--awb-border-color:#ebebeb;--awb-background:#f6f6f6;\"><div class=\"modal-dialog modal-lg\" role=\"document\"><div class=\"modal-content fusion-modal-content\"><div class=\"modal-header\"><button class=\"close\" type=\"button\" data-dismiss=\"modal\" aria-hidden=\"true\" aria-label=\"Close\">&times;<\/button><h3 class=\"modal-title\" id=\"modal-heading-2\" data-dismiss=\"modal\" aria-hidden=\"true\"><\/h3><\/div><div class=\"modal-body fusion-clearfix\">\r\n<iframe src=\"https:\/\/sustainableforestryinitiativeinc.my.salesforce-sites.com\/formstack\/apex\/VisualAntidote__HostedFastForm?h=BB2NL\" height=\"650\" width=\"100%\"><\/iframe>\r\n<\/div><div class=\"modal-footer\"><button class=\"fusion-button button-default button-medium button default medium\" type=\"button\" data-dismiss=\"modal\">Close<\/button><\/div><\/div><\/div><\/div>\r\n<\/div><\/div><div id=\"custom_html-49\" class=\"widget_text widget widget_custom_html\" style=\"border-style: solid;border-color:transparent;border-width:0px;\"><div class=\"textwidget custom-html-widget\"><div class=\"fusion-modal modal fade modal-3 News-signup\" tabindex=\"-1\" role=\"dialog\" aria-labelledby=\"modal-heading-3\" aria-hidden=\"true\" style=\"--awb-border-color:#ebebeb;--awb-background:#f6f6f6;\"><div class=\"modal-dialog modal-lg\" role=\"document\"><div class=\"modal-content fusion-modal-content\"><div class=\"modal-header\"><button class=\"close\" type=\"button\" data-dismiss=\"modal\" aria-hidden=\"true\" aria-label=\"Close\">&times;<\/button><h3 class=\"modal-title\" id=\"modal-heading-3\" data-dismiss=\"modal\" aria-hidden=\"true\"><\/h3><\/div><div class=\"modal-body fusion-clearfix\">\r\n<iframe src=\"https:\/\/sustainableforestryinitiativeinc.my.salesforce-sites.com\/formstack\/apex\/VisualAntidote__HostedFastForm?h=NXR7Y\" height=\"650\" width=\"100%\"><\/iframe>\r\n<\/div><div class=\"modal-footer\"><button class=\"fusion-button button-default button-medium button default medium\" type=\"button\" data-dismiss=\"modal\">Close<\/button><\/div><\/div><\/div><\/div><\/div><\/div><div class=\"fusion-additional-widget-content\"><\/div><\/div><div class=\"fusion-separator fusion-full-width-sep\" style=\"align-self: center;margin-left: auto;margin-right: auto;margin-bottom:60px;width:100%;\"><\/div><div class=\"fusion-image-element \" style=\"text-align:center;--awb-max-width:250px;--awb-caption-title-font-family:var(--h2_typography-font-family);--awb-caption-title-font-weight:var(--h2_typography-font-weight);--awb-caption-title-font-style:var(--h2_typography-font-style);--awb-caption-title-size:var(--h2_typography-font-size);--awb-caption-title-transform:var(--h2_typography-text-transform);--awb-caption-title-line-height:var(--h2_typography-line-height);--awb-caption-title-letter-spacing:var(--h2_typography-letter-spacing);\"><span class=\" fusion-imageframe imageframe-none imageframe-1 hover-type-none\"><img decoding=\"async\" width=\"300\" height=\"300\" alt=\"SFI logo\" title=\"SFI logo\" src=\"https:\/\/forests.org\/wp-content\/uploads\/SFI_00001_new.svg\" data-orig-src=\"https:\/\/forests.org\/wp-content\/uploads\/SFI_00001_new.svg\" class=\"lazyload img-responsive wp-image-787610\" srcset=\"data:image\/svg+xml,%3Csvg%20xmlns%3D%27http%3A%2F%2Fwww.w3.org%2F2000%2Fsvg%27%20width%3D%27311%27%20height%3D%27169%27%20viewBox%3D%270%200%20311%20169%27%3E%3Crect%20width%3D%27311%27%20height%3D%27169%27%20fill-opacity%3D%220%22%2F%3E%3C%2Fsvg%3E\" data-srcset=\"https:\/\/forests.org\/wp-content\/uploads\/SFI_00001_new.svg 150w, https:\/\/forests.org\/wp-content\/uploads\/SFI_00001_new.svg 300w, https:\/\/forests.org\/wp-content\/uploads\/SFI_00001_new.svg 1024w\" data-sizes=\"auto\" data-orig-sizes=\"(max-width: 1024px) 100vw, (max-width: 480px) 100vw, 300px\" \/><\/span><\/div><\/p>\n<h4 class=\"sidebar-titles\">\u00c0 propos de SFI<\/h4>\n<p class=\"subtext\">La Sustainable Forestry Initiative (SFI) fait progresser la durabilit\u00e9 par le biais de collaborations ax\u00e9es sur la for\u00eat. Organisme ind\u00e9pendant \u00e0 but non lucratif, SFI s\u2019appuie sur quatre piliers interreli\u00e9s : les normes, la conservation, les collectivit\u00e9s et l\u2019\u00e9ducation. SFI collabore avec le secteur forestier, les groupes de conservation, les chercheurs, les propri\u00e9taires de marques, les professionnels des ressources, les propri\u00e9taires fonciers, les enseignants, les collectivit\u00e9s locales, les peuples autochtones et les administrations publiques. De concert avec notre r\u00e9seau, nous utilisons les puissants outils que sont les for\u00eats et produits certifi\u00e9s SFI pour contribuer \u00e0 relever les d\u00e9fis entourant la durabilit\u00e9 tels que l\u2019action pour le climat, la conservation de la biodiversit\u00e9, l\u2019\u00e9ducation des g\u00e9n\u00e9rations futures et le d\u00e9veloppement \u00e9conomique durable.<\/p>\n<div class=\"fusion-separator fusion-full-width-sep\" style=\"align-self: center;margin-left: auto;margin-right: auto;margin-bottom:20px;width:100%;\"><\/div>\n<h4 class=\"sidebar-titles\">Contact m\u00e9dias<\/h4>\n<p class=\"subtext\"><strong>Christine Leduc<\/strong><br \/>\nVice-pr\u00e9sidente, Op\u00e9rations et Communications canadiennes, SFI\u200b et Pr\u00e9sidente, APLA Canada<br \/>\nSustainable Forestry Initiative<br \/>\n613-706-1114<br \/>\n<a href=\"&#109;&#x61;&#x69;l&#116;&#x6f;:&#109;&#x65;d&#105;&#x61;&#64;&#102;&#x6f;&#x72;&#101;&#x73;&#x74;s&#46;&#x6f;r&#103;\">&#x6d;&#101;d&#x69;&#97;&#64;&#x66;&#111;r&#x65;&#115;t&#x73;&#46;o&#x72;&#x67;<\/a><\/p>\n<\/div>\n<\/div><\/div><\/div><\/div>\n","protected":false},"excerpt":{"rendered":"","protected":false},"author":17,"featured_media":0,"parent":0,"menu_order":0,"comment_status":"closed","ping_status":"closed","template":"100-width.php","meta":{"_exactmetrics_skip_tracking":false,"_exactmetrics_sitenote_active":false,"_exactmetrics_sitenote_note":"","_exactmetrics_sitenote_category":0,"footnotes":""},"wf_page_folders":[638,522],"class_list":["post-785916","page","type-page","status-publish","hentry"],"yoast_head":"<!-- This site is optimized with the Yoast SEO plugin v27.3 - https:\/\/yoast.com\/product\/yoast-seo-wordpress\/ -->\n<title>Communiqu\u00e9s - forests.org<\/title>\n<meta name=\"description\" content=\"Communiqu\u00e9s\" \/>\n<meta name=\"robots\" content=\"index, follow, max-snippet:-1, max-image-preview:large, max-video-preview:-1\" \/>\n<link rel=\"canonical\" href=\"https:\/\/forests.org\/fr\/communiques\/\" \/>\n<meta property=\"og:locale\" content=\"fr_FR\" \/>\n<meta property=\"og:type\" content=\"article\" \/>\n<meta property=\"og:title\" content=\"Communiqu\u00e9s - forests.org\" \/>\n<meta property=\"og:description\" content=\"Communiqu\u00e9s\" \/>\n<meta property=\"og:url\" content=\"https:\/\/forests.org\/fr\/communiques\/\" \/>\n<meta property=\"og:site_name\" content=\"forests.org\" \/>\n<meta property=\"article:publisher\" content=\"https:\/\/www.facebook.com\/SustainableForestryInitiative\" \/>\n<meta property=\"article:modified_time\" content=\"2023-09-08T14:02:30+00:00\" \/>\n<meta property=\"og:image\" content=\"https:\/\/forests.org\/wp-content\/uploads\/SFI-social-logo.jpg\" \/>\n\t<meta property=\"og:image:width\" content=\"400\" \/>\n\t<meta property=\"og:image:height\" content=\"218\" \/>\n\t<meta property=\"og:image:type\" content=\"image\/jpeg\" \/>\n<meta name=\"twitter:card\" content=\"summary_large_image\" \/>\n<meta name=\"twitter:site\" content=\"@sfiprogram\" \/>\n<meta name=\"twitter:label1\" content=\"Dur\u00e9e de lecture estim\u00e9e\" \/>\n\t<meta name=\"twitter:data1\" content=\"4 minutes\" \/>\n<script type=\"application\/ld+json\" class=\"yoast-schema-graph\">{\"@context\":\"https:\\\/\\\/schema.org\",\"@graph\":[{\"@type\":\"WebPage\",\"@id\":\"https:\\\/\\\/forests.org\\\/fr\\\/communiques\\\/\",\"url\":\"https:\\\/\\\/forests.org\\\/fr\\\/communiques\\\/\",\"name\":\"Communiqu\u00e9s - forests.org\",\"isPartOf\":{\"@id\":\"https:\\\/\\\/forests.org\\\/fr\\\/#website\"},\"datePublished\":\"2017-11-21T07:42:35+00:00\",\"dateModified\":\"2023-09-08T14:02:30+00:00\",\"description\":\"Communiqu\u00e9s\",\"breadcrumb\":{\"@id\":\"https:\\\/\\\/forests.org\\\/fr\\\/communiques\\\/#breadcrumb\"},\"inLanguage\":\"fr-FR\",\"potentialAction\":[{\"@type\":\"ReadAction\",\"target\":[\"https:\\\/\\\/forests.org\\\/fr\\\/communiques\\\/\"]}]},{\"@type\":\"BreadcrumbList\",\"@id\":\"https:\\\/\\\/forests.org\\\/fr\\\/communiques\\\/#breadcrumb\",\"itemListElement\":[{\"@type\":\"ListItem\",\"position\":1,\"name\":\"Home\",\"item\":\"https:\\\/\\\/forests.org\\\/fr\\\/\"},{\"@type\":\"ListItem\",\"position\":2,\"name\":\"Communiqu\u00e9s\"}]},{\"@type\":\"WebSite\",\"@id\":\"https:\\\/\\\/forests.org\\\/fr\\\/#website\",\"url\":\"https:\\\/\\\/forests.org\\\/fr\\\/\",\"name\":\"forests.org\",\"description\":\"\",\"publisher\":{\"@id\":\"https:\\\/\\\/forests.org\\\/fr\\\/#organization\"},\"potentialAction\":[{\"@type\":\"SearchAction\",\"target\":{\"@type\":\"EntryPoint\",\"urlTemplate\":\"https:\\\/\\\/forests.org\\\/fr\\\/?s={search_term_string}\"},\"query-input\":{\"@type\":\"PropertyValueSpecification\",\"valueRequired\":true,\"valueName\":\"search_term_string\"}}],\"inLanguage\":\"fr-FR\"},{\"@type\":\"Organization\",\"@id\":\"https:\\\/\\\/forests.org\\\/fr\\\/#organization\",\"name\":\"Sustainable Forestry Initiative\",\"url\":\"https:\\\/\\\/forests.org\\\/fr\\\/\",\"logo\":{\"@type\":\"ImageObject\",\"inLanguage\":\"fr-FR\",\"@id\":\"https:\\\/\\\/forests.org\\\/fr\\\/#\\\/schema\\\/logo\\\/image\\\/\",\"url\":\"https:\\\/\\\/forests.org\\\/wp-content\\\/uploads\\\/Grant-SFI-logo-FI2.jpg\",\"contentUrl\":\"https:\\\/\\\/forests.org\\\/wp-content\\\/uploads\\\/Grant-SFI-logo-FI2.jpg\",\"width\":400,\"height\":400,\"caption\":\"Sustainable Forestry Initiative\"},\"image\":{\"@id\":\"https:\\\/\\\/forests.org\\\/fr\\\/#\\\/schema\\\/logo\\\/image\\\/\"},\"sameAs\":[\"https:\\\/\\\/www.facebook.com\\\/SustainableForestryInitiative\",\"https:\\\/\\\/x.com\\\/sfiprogram\",\"https:\\\/\\\/www.linkedin.com\\\/company\\\/sustainable-forestry-initiative-inc-\",\"https:\\\/\\\/www.youtube.com\\\/user\\\/SFIProgram\"]}]}<\/script>\n<!-- \/ Yoast SEO plugin. -->","yoast_head_json":{"title":"Communiqu\u00e9s - forests.org","description":"Communiqu\u00e9s","robots":{"index":"index","follow":"follow","max-snippet":"max-snippet:-1","max-image-preview":"max-image-preview:large","max-video-preview":"max-video-preview:-1"},"canonical":"https:\/\/forests.org\/fr\/communiques\/","og_locale":"fr_FR","og_type":"article","og_title":"Communiqu\u00e9s - forests.org","og_description":"Communiqu\u00e9s","og_url":"https:\/\/forests.org\/fr\/communiques\/","og_site_name":"forests.org","article_publisher":"https:\/\/www.facebook.com\/SustainableForestryInitiative","article_modified_time":"2023-09-08T14:02:30+00:00","og_image":[{"width":400,"height":218,"url":"https:\/\/forests.org\/wp-content\/uploads\/SFI-social-logo.jpg","type":"image\/jpeg"}],"twitter_card":"summary_large_image","twitter_site":"@sfiprogram","twitter_misc":{"Dur\u00e9e de lecture estim\u00e9e":"4 minutes"},"schema":{"@context":"https:\/\/schema.org","@graph":[{"@type":"WebPage","@id":"https:\/\/forests.org\/fr\/communiques\/","url":"https:\/\/forests.org\/fr\/communiques\/","name":"Communiqu\u00e9s - forests.org","isPartOf":{"@id":"https:\/\/forests.org\/fr\/#website"},"datePublished":"2017-11-21T07:42:35+00:00","dateModified":"2023-09-08T14:02:30+00:00","description":"Communiqu\u00e9s","breadcrumb":{"@id":"https:\/\/forests.org\/fr\/communiques\/#breadcrumb"},"inLanguage":"fr-FR","potentialAction":[{"@type":"ReadAction","target":["https:\/\/forests.org\/fr\/communiques\/"]}]},{"@type":"BreadcrumbList","@id":"https:\/\/forests.org\/fr\/communiques\/#breadcrumb","itemListElement":[{"@type":"ListItem","position":1,"name":"Home","item":"https:\/\/forests.org\/fr\/"},{"@type":"ListItem","position":2,"name":"Communiqu\u00e9s"}]},{"@type":"WebSite","@id":"https:\/\/forests.org\/fr\/#website","url":"https:\/\/forests.org\/fr\/","name":"forests.org","description":"","publisher":{"@id":"https:\/\/forests.org\/fr\/#organization"},"potentialAction":[{"@type":"SearchAction","target":{"@type":"EntryPoint","urlTemplate":"https:\/\/forests.org\/fr\/?s={search_term_string}"},"query-input":{"@type":"PropertyValueSpecification","valueRequired":true,"valueName":"search_term_string"}}],"inLanguage":"fr-FR"},{"@type":"Organization","@id":"https:\/\/forests.org\/fr\/#organization","name":"Sustainable Forestry Initiative","url":"https:\/\/forests.org\/fr\/","logo":{"@type":"ImageObject","inLanguage":"fr-FR","@id":"https:\/\/forests.org\/fr\/#\/schema\/logo\/image\/","url":"https:\/\/forests.org\/wp-content\/uploads\/Grant-SFI-logo-FI2.jpg","contentUrl":"https:\/\/forests.org\/wp-content\/uploads\/Grant-SFI-logo-FI2.jpg","width":400,"height":400,"caption":"Sustainable Forestry Initiative"},"image":{"@id":"https:\/\/forests.org\/fr\/#\/schema\/logo\/image\/"},"sameAs":["https:\/\/www.facebook.com\/SustainableForestryInitiative","https:\/\/x.com\/sfiprogram","https:\/\/www.linkedin.com\/company\/sustainable-forestry-initiative-inc-","https:\/\/www.youtube.com\/user\/SFIProgram"]}]}},"_links":{"self":[{"href":"https:\/\/forests.org\/fr\/wp-json\/wp\/v2\/pages\/785916","targetHints":{"allow":["GET"]}}],"collection":[{"href":"https:\/\/forests.org\/fr\/wp-json\/wp\/v2\/pages"}],"about":[{"href":"https:\/\/forests.org\/fr\/wp-json\/wp\/v2\/types\/page"}],"author":[{"embeddable":true,"href":"https:\/\/forests.org\/fr\/wp-json\/wp\/v2\/users\/17"}],"replies":[{"embeddable":true,"href":"https:\/\/forests.org\/fr\/wp-json\/wp\/v2\/comments?post=785916"}],"version-history":[{"count":0,"href":"https:\/\/forests.org\/fr\/wp-json\/wp\/v2\/pages\/785916\/revisions"}],"wp:attachment":[{"href":"https:\/\/forests.org\/fr\/wp-json\/wp\/v2\/media?parent=785916"}],"wp:term":[{"taxonomy":"wf_page_folders","embeddable":true,"href":"https:\/\/forests.org\/fr\/wp-json\/wp\/v2\/wf_page_folders?post=785916"}],"curies":[{"name":"wp","href":"https:\/\/api.w.org\/{rel}","templated":true}]}}